{"id":25656,"date":"2024-07-29T11:46:31","date_gmt":"2024-07-29T09:46:31","guid":{"rendered":"https:\/\/www.skb.tu-berlin.de\/?page_id=25656"},"modified":"2025-01-07T17:53:41","modified_gmt":"2025-01-07T15:53:41","slug":"unsere-lehrkraefte","status":"publish","type":"page","link":"https:\/\/www.skb.tu-berlin.de\/en\/language-learning\/unsere-lehrkraefte\/","title":{"rendered":"Our teachers"},"content":{"rendered":"<p>[et_pb_section fb_built=&#8220;1&#8243; _builder_version=&#8220;4.16&#8243; _module_preset=&#8220;default&#8220; custom_padding=&#8220;0px||||false|false&#8220; global_colors_info=&#8220;{}&#8220;][et_pb_row admin_label=&#8220;Zeile&#8220; _builder_version=&#8220;4.25.2&#8243; _module_preset=&#8220;default&#8220; custom_padding=&#8220;40px||||false|false&#8220; global_module=&#8220;240&#8243; saved_tabs=&#8220;all&#8220; collapsed=&#8220;off&#8220; global_colors_info=&#8220;{}&#8220;][et_pb_column type=&#8220;4_4&#8243; _builder_version=&#8220;4.16&#8243; _module_preset=&#8220;default&#8220; global_colors_info=&#8220;{}&#8220;][lwp_divi_breadcrumbs home_text=&#8220;SKB&#8220; font_icon=&#8220;&#x35;||divi||400&#8243; link_color=&#8220;#797979&#8243; separator_color=&#8220;#797979&#8243; current_text_color=&#8220;#797979&#8243; _builder_version=&#8220;4.16&#8243; _module_preset=&#8220;default&#8220; global_colors_info=&#8220;{}&#8220; link_color__hover_enabled=&#8220;on|desktop&#8220; link_color__hover=&#8220;#009BD1&#8243;][\/lwp_divi_breadcrumbs][\/et_pb_column][\/et_pb_row][et_pb_row module_class=&#8220;sm&#8220; _builder_version=&#8220;4.16&#8243; _module_preset=&#8220;default&#8220; max_width=&#8220;992px&#8220; global_colors_info=&#8220;{}&#8220;][et_pb_column type=&#8220;4_4&#8243; _builder_version=&#8220;4.16&#8243; _module_preset=&#8220;default&#8220; global_colors_info=&#8220;{}&#8220;][et_pb_text admin_label=&#8220;Title&#8220; _builder_version=&#8220;4.16&#8243; _dynamic_attributes=&#8220;content&#8220; _module_preset=&#8220;default&#8220; custom_margin=&#8220;||50px||false|false&#8220; custom_margin_tablet=&#8220;||30px||false|false&#8220; custom_margin_phone=&#8220;&#8220; custom_margin_last_edited=&#8220;on|desktop&#8220; global_colors_info=&#8220;{}&#8220;]@ET-DC@eyJkeW5hbWljIjp0cnVlLCJjb250ZW50IjoicG9zdF90aXRsZSIsInNldHRpbmdzIjp7ImJlZm9yZSI6IjxoMT4iLCJhZnRlciI6IjwvaDE+In19@[\/et_pb_text][et_pb_text _builder_version=&#8220;4.27.0&#8243; _module_preset=&#8220;default&#8220; text_text_color=&#8220;#797979&#8243; text_font_size=&#8220;22px&#8220; custom_margin=&#8220;||50px||false|false&#8220; custom_margin_tablet=&#8220;||30px||false|false&#8220; custom_margin_phone=&#8220;&#8220; custom_margin_last_edited=&#8220;on|desktop&#8220; text_font_size_tablet=&#8220;18px&#8220; text_font_size_phone=&#8220;&#8220; text_font_size_last_edited=&#8220;on|tablet&#8220; global_colors_info=&#8220;{}&#8220;]<\/p>\n<p>Our teachers teach their first language(s). Who are they? What else do they do at the SKB and what do they like about the project? Here you can get an impression about some of our teachers.<\/p>\n<p>[\/et_pb_text][\/et_pb_column][\/et_pb_row][et_pb_row column_structure=&#8220;1_3,1_3,1_3&#8243; _builder_version=&#8220;4.27.0&#8243; _module_preset=&#8220;default&#8220; global_colors_info=&#8220;{}&#8220;][et_pb_column type=&#8220;1_3&#8243; _builder_version=&#8220;4.27.0&#8243; _module_preset=&#8220;default&#8220; global_colors_info=&#8220;{}&#8220;][et_pb_blurb image=&#8220;https:\/\/www.skb.tu-berlin.de\/wp-content\/uploads\/2024\/07\/Amelie-scaled.jpg&#8220; image_icon_width=&#8220;100%&#8220; icon_alignment=&#8220;left&#8220; icon_placement_last_edited=&#8220;off|desktop&#8220; admin_label=&#8220;Amelie&#8220; _builder_version=&#8220;4.27.0&#8243; _module_preset=&#8220;default&#8220; body_font_size=&#8220;16px&#8220; text_orientation=&#8220;justified&#8220; border_radii_image=&#8220;on|6px|6px|6px|6px&#8220; global_colors_info=&#8220;{}&#8220;]<\/p>\n<p class=\"translation-block\"><strong>Amelie<\/strong> has been with the SKB since 2023 and teaches <em>German<\/em>. She particularly enjoys the linguistic and cultural exchange with her course participants. She also appreciates the many opportunities and the right to have a say that the SKB's grassroots democratic structure offers her for her own projects.<\/p>\n<p>[\/et_pb_blurb][et_pb_blurb image=&#8220;https:\/\/www.skb.tu-berlin.de\/wp-content\/uploads\/2024\/08\/Madleen.jpeg&#8220; image_icon_width=&#8220;100%&#8220; icon_alignment=&#8220;left&#8220; icon_placement_last_edited=&#8220;off|desktop&#8220; admin_label=&#8220;Madleen&#8220; _builder_version=&#8220;4.27.0&#8243; _module_preset=&#8220;default&#8220; body_font_size=&#8220;16px&#8220; text_orientation=&#8220;justified&#8220; border_radii_image=&#8220;on|6px|6px|6px|6px&#8220; global_colors_info=&#8220;{}&#8220;]<\/p>\n<p><strong>Madleen<\/strong> has been at the SKB since 2023 and teaches <em>German<\/em>. What she likes best is the collaboration with the other members, the various cultural events and the flexibility that the teachers have to organise the lessons.<\/p>\n<p>[\/et_pb_blurb][et_pb_blurb image=&#8220;https:\/\/www.skb.tu-berlin.de\/wp-content\/uploads\/2024\/08\/Clara-scaled.jpg&#8220; image_icon_width=&#8220;100%&#8220; icon_alignment=&#8220;left&#8220; icon_placement_last_edited=&#8220;off|desktop&#8220; admin_label=&#8220;Clara&#8220; _builder_version=&#8220;4.27.0&#8243; _module_preset=&#8220;default&#8220; body_font_size=&#8220;16px&#8220; text_orientation=&#8220;justified&#8220; border_radii_image=&#8220;on|6px|6px|6px|6px&#8220; global_colors_info=&#8220;{}&#8220;]<\/p>\n<p class=\"translation-block\"><strong>Clara <\/strong> has been working as a <em>German<\/em> teacher at SKB since 2024. She loves meeting new people, trying out new things and exploring places in Berlin.<\/p>\n<p>[\/et_pb_blurb][et_pb_blurb image=&#8220;https:\/\/www.skb.tu-berlin.de\/wp-content\/uploads\/2024\/07\/Chris-2-scaled.jpg&#8220; image_icon_width=&#8220;100%&#8220; icon_alignment=&#8220;left&#8220; icon_placement_last_edited=&#8220;off|desktop&#8220; admin_label=&#8220;Chris&#8220; _builder_version=&#8220;4.27.0&#8243; _module_preset=&#8220;default&#8220; body_font_size=&#8220;16px&#8220; text_orientation=&#8220;justified&#8220; border_radii_image=&#8220;on|6px|6px|6px|6px&#8220; global_colors_info=&#8220;{}&#8220;]<\/p>\n<p class=\"translation-block\"><strong>Chris<\/strong> has been working at the SKB since 2018. She teaches <em>German<\/em> and is involved in various work areas. For her, the SKB is a place of linguistic and cultural diversity. She likes the grassroots democratic structure of the SKB and the fact that you come together with people from all over the world to learn from and with each other.<\/p>\n<p>[\/et_pb_blurb][et_pb_blurb image=&#8220;https:\/\/www.skb.tu-berlin.de\/wp-content\/uploads\/2025\/01\/Thomas-scaled.jpg&#8220; image_icon_width=&#8220;100%&#8220; icon_alignment=&#8220;left&#8220; icon_placement_last_edited=&#8220;off|desktop&#8220; disabled_on=&#8220;on|on|on&#8220; admin_label=&#8220;Thomas&#8220; _builder_version=&#8220;4.27.2&#8243; _module_preset=&#8220;default&#8220; body_font_size=&#8220;16px&#8220; text_orientation=&#8220;justified&#8220; border_radii_image=&#8220;on|6px|6px|6px|6px&#8220; global_colors_info=&#8220;{}&#8220; disabled=&#8220;on&#8220;]<\/p>\n<p><strong>Thomas<\/strong> ist seit 2018 an der SKB dabei. Zurzeit bietet er <em>Deutschkurse<\/em> an, wo es ihm die sch\u00f6ne bunte Mischung aus Menschen aus aller Welt sehr gef\u00e4llt. Fr\u00fcher hat er auch Spanischkurse geleitet. An der SKB gef\u00e4llt ihm am meisten die Arbeit im Koordinationsteam wegen der tollen Kolleg*innen, der flexiblen Arbeitszeit und der sehr vielf\u00e4ltigen Aufgaben.<\/p>\n<p>[\/et_pb_blurb][\/et_pb_column][et_pb_column type=&#8220;1_3&#8243; _builder_version=&#8220;4.27.0&#8243; _module_preset=&#8220;default&#8220; global_colors_info=&#8220;{}&#8220;][et_pb_blurb image=&#8220;https:\/\/www.skb.tu-berlin.de\/wp-content\/uploads\/2024\/07\/Angel-2-1-scaled.jpg&#8220; image_icon_width=&#8220;100%&#8220; icon_alignment=&#8220;left&#8220; icon_placement_last_edited=&#8220;off|desktop&#8220; admin_label=&#8220;Angel&#8220; _builder_version=&#8220;4.27.0&#8243; _module_preset=&#8220;default&#8220; body_font_size=&#8220;16px&#8220; text_orientation=&#8220;justified&#8220; border_radii_image=&#8220;on|6px|6px|6px|6px&#8220; global_colors_info=&#8220;{}&#8220;]<\/p>\n<p>Since 2023 <strong>Angel<\/strong> has been supporting the SKB <em>as a Spanish teacher<\/em> He not only teaches, but also organises cultural events every semester. Most of all, he loves the people he has met along the way.<\/p>\n<p>[\/et_pb_blurb][et_pb_blurb image=&#8220;https:\/\/www.skb.tu-berlin.de\/wp-content\/uploads\/2024\/07\/Lida-scaled.jpg&#8220; image_icon_width=&#8220;100%&#8220; icon_alignment=&#8220;left&#8220; icon_placement_last_edited=&#8220;off|desktop&#8220; admin_label=&#8220;Lida&#8220; _builder_version=&#8220;4.27.0&#8243; _module_preset=&#8220;default&#8220; body_font_size=&#8220;16px&#8220; text_orientation=&#8220;justified&#8220; border_radii_image=&#8220;on|6px|6px|6px|6px&#8220; global_colors_info=&#8220;{}&#8220;]<\/p>\n<p><strong>Lida<\/strong> has been an SKB member since 2000 and teaches <em>Persian<\/em>. She is also involved in the SKB programme at the Long Night of Science. Her favourite thing about the SKB is the cultural exchange.<\/p>\n<p>[\/et_pb_blurb][et_pb_blurb image=&#8220;https:\/\/www.skb.tu-berlin.de\/wp-content\/uploads\/2024\/07\/Gabriel-scaled.jpg&#8220; image_icon_width=&#8220;100%&#8220; icon_alignment=&#8220;left&#8220; icon_placement_last_edited=&#8220;off|desktop&#8220; admin_label=&#8220;Gabriel&#8220; _builder_version=&#8220;4.27.0&#8243; _module_preset=&#8220;default&#8220; body_font_size=&#8220;16px&#8220; text_orientation=&#8220;justified&#8220; border_radii_image=&#8220;on|6px|6px|6px|6px&#8220; global_colors_info=&#8220;{}&#8220;]<\/p>\n<p class=\"translation-block\"><strong>Gabriel<\/strong> has been a member of the SKB since 2018, where he teaches <em>Italian<\/em> and takes part in other SKB projects. What he particularly likes about the SKB is the diversity and openness of the people, both the participants and the members. He has been able to learn a lot from them and have fun over the years.<\/p>\n<p>[\/et_pb_blurb][et_pb_blurb image=&#8220;https:\/\/www.skb.tu-berlin.de\/wp-content\/uploads\/2024\/07\/Farah-scaled.jpg&#8220; image_icon_width=&#8220;100%&#8220; icon_alignment=&#8220;left&#8220; icon_placement_last_edited=&#8220;off|desktop&#8220; admin_label=&#8220;Farah&#8220; _builder_version=&#8220;4.27.0&#8243; _module_preset=&#8220;default&#8220; body_font_size=&#8220;16px&#8220; text_orientation=&#8220;justified&#8220; border_radii_image=&#8220;on|6px|6px|6px|6px&#8220; global_colors_info=&#8220;{}&#8220;]<\/p>\n<p class=\"translation-block\"><strong>Farah <\/strong> has been a <em>Persian<\/em> teacher at the SKB since 1994. She really enjoys teaching and likes the fact that there are lots of international people, good cultural events and lessons in a pleasant atmosphere.<\/p>\n<p>[\/et_pb_blurb][\/et_pb_column][et_pb_column type=&#8220;1_3&#8243; _builder_version=&#8220;4.27.0&#8243; _module_preset=&#8220;default&#8220; global_colors_info=&#8220;{}&#8220;][et_pb_blurb image=&#8220;https:\/\/www.skb.tu-berlin.de\/wp-content\/uploads\/2024\/08\/Rosario-scaled.jpg&#8220; image_icon_width=&#8220;100%&#8220; icon_alignment=&#8220;left&#8220; icon_placement_last_edited=&#8220;off|desktop&#8220; admin_label=&#8220;Rosario&#8220; _builder_version=&#8220;4.27.0&#8243; _module_preset=&#8220;default&#8220; body_font_size=&#8220;16px&#8220; text_orientation=&#8220;justified&#8220; border_radii_image=&#8220;on|6px|6px|6px|6px&#8220; global_colors_info=&#8220;{}&#8220;]<\/p>\n<p class=\"translation-block\"><strong>Ros\u00e1rio<\/strong> has been working at the SKB for more than twenty years. She really enjoys teaching <em>Portuguese<\/em>, her mother tongue, and meeting many people from different cultures and countries and learning and working with them.<\/p>\n<p>[\/et_pb_blurb][et_pb_blurb image=&#8220;https:\/\/www.skb.tu-berlin.de\/wp-content\/uploads\/2024\/07\/Katja-2-scaled.jpg&#8220; image_icon_width=&#8220;100%&#8220; icon_alignment=&#8220;left&#8220; icon_placement_last_edited=&#8220;off|desktop&#8220; admin_label=&#8220;Katja&#8220; _builder_version=&#8220;4.27.0&#8243; _module_preset=&#8220;default&#8220; body_font_size=&#8220;16px&#8220; text_orientation=&#8220;justified&#8220; border_radii_image=&#8220;on|6px|6px|6px|6px&#8220; global_colors_info=&#8220;{}&#8220;]<\/p>\n<p><strong>Katja<\/strong> has been at the SKB since 2023 and teaches <em>German<\/em>. She loves the opportunity to work with people from different cultures. She enjoys teaching the German language and helping others to understand and use it better.<\/p>\n<p>[\/et_pb_blurb][et_pb_blurb image=&#8220;https:\/\/www.skb.tu-berlin.de\/wp-content\/uploads\/2024\/07\/Christine-2-scaled.jpg&#8220; image_icon_width=&#8220;100%&#8220; icon_alignment=&#8220;left&#8220; icon_placement_last_edited=&#8220;off|desktop&#8220; admin_label=&#8220;Christine&#8220; _builder_version=&#8220;4.27.0&#8243; _module_preset=&#8220;default&#8220; body_font_size=&#8220;16px&#8220; text_orientation=&#8220;justified&#8220; border_radii_image=&#8220;on|6px|6px|6px|6px&#8220; global_colors_info=&#8220;{}&#8220;]<\/p>\n<p><strong>Christine<\/strong> has been at the SKB since the beginning of 2023, teaches <em>German<\/em> and <em>Romanian<\/em> and helps with the teaching materials collection. Her favourite thing about the SKB is the collaborative work.<\/p>\n<p>[\/et_pb_blurb][et_pb_blurb image=&#8220;https:\/\/www.skb.tu-berlin.de\/wp-content\/uploads\/2024\/07\/Tai-2-scaled.jpeg&#8220; image_icon_width=&#8220;100%&#8220; icon_alignment=&#8220;left&#8220; icon_placement_last_edited=&#8220;off|desktop&#8220; admin_label=&#8220;Tai&#8220; _builder_version=&#8220;4.27.0&#8243; _module_preset=&#8220;default&#8220; body_font_size=&#8220;16px&#8220; text_orientation=&#8220;justified&#8220; border_radii_image=&#8220;on|6px|6px|6px|6px&#8220; global_colors_info=&#8220;{}&#8220;]<\/p>\n<p><strong>Tai<\/strong> has been working at the SKB since 2016, teaching <em>Italian<\/em> and <em>Slovenian<\/em> and coordinating the work of the other members. The best thing about the SKB is working with many different people.<\/p>\n<p>[\/et_pb_blurb][\/et_pb_column][\/et_pb_row][et_pb_row _builder_version=&#8220;4.27.0&#8243; _module_preset=&#8220;default&#8220; global_colors_info=&#8220;{}&#8220;][et_pb_column type=&#8220;4_4&#8243; _builder_version=&#8220;4.27.0&#8243; _module_preset=&#8220;default&#8220; global_colors_info=&#8220;{}&#8220;][et_pb_text _builder_version=&#8220;4.27.0&#8243; _module_preset=&#8220;default&#8220; text_text_color=&#8220;#797979&#8243; text_font_size=&#8220;22px&#8220; custom_margin=&#8220;||50px||false|false&#8220; custom_margin_tablet=&#8220;||30px||false|false&#8220; custom_margin_phone=&#8220;&#8220; custom_margin_last_edited=&#8220;on|desktop&#8220; text_font_size_tablet=&#8220;18px&#8220; text_font_size_phone=&#8220;&#8220; text_font_size_last_edited=&#8220;on|tablet&#8220; global_colors_info=&#8220;{}&#8220;]<\/p>\n<p>So, are you up for a language course mit our teachers? <a href=\"https:\/\/www.skb.tu-berlin.de\/en\/language-learning\/current-courses\/\">Click here for our current course programme<\/a>.<\/p>\n<p>[\/et_pb_text][\/et_pb_column][\/et_pb_row][\/et_pb_section]<\/p>","protected":false},"excerpt":{"rendered":"<p><div class=\"et_pb_module lwp_divi_breadcrumbs lwp_divi_breadcrumbs_0\">\n\t\t\t\t\n\t\t\t\t\n\t\t\t\t\n\t\t\t\t\n\t\t\t\t\n\t\t\t\t\n\t\t\t\t<div class=\"et_pb_module_inner\">\n\t\t\t\t\t<div class=\"lwp-breadcrumbs\"> <span class=\"before\"><\/span> <span vocab=\"https:\/\/schema.org\/\" typeof=\"BreadcrumbList\"><span property=\"itemListElement\" typeof=\"ListItem\"><a property=\"item\" typeof=\"WebPage\" href=\"https:\/\/www.skb.tu-berlin.de\/en\/\" class=\"home\"><span property=\"name\">SKB<\/span><\/a><meta property=\"position\" content=\"1\"><\/span> <span class=\"separator et-pb-icon\">5<\/span> <\/span><\/div>\n\t\t\t\t<\/div>\n\t\t\t<\/div>Unsere Lehrkr\u00e4fte unterrichten ihre Erstsprache(n). Wer sind sie? Was machen sie noch an der SKB und was gef\u00e4llt ihnen im Projekt? Hier bekommst du einen kleinen Eindruck von einigen von unseren Kursleitenden.Seit 2023 ist Amelie bei der SKB und unterrichtet Deutsch. Dabei gef\u00e4llt ihr besonders [&hellip;]<\/p>","protected":false},"author":18,"featured_media":0,"parent":308,"menu_order":18,"comment_status":"closed","ping_status":"closed","template":"","meta":{"_et_pb_use_builder":"on","_et_pb_old_content":"<p>[et_pb_section fb_built=\"1\" _builder_version=\"4.8.1\" _module_preset=\"default\" custom_padding=\"0px||||false|false\"][et_pb_row _builder_version=\"4.8.1\" _module_preset=\"default\" custom_padding=\"40px||||false|false\" global_module=\"240\" saved_tabs=\"all\"][et_pb_column type=\"4_4\" _builder_version=\"4.8.1\" _module_preset=\"default\"][lwp_divi_breadcrumbs home_text=\"SKB\" font_icon=\"%%20%%\" link_color=\"#797979\" separator_color=\"#797979\" current_text_color=\"#797979\" _builder_version=\"4.8.1\" _module_preset=\"default\" module_font_size=\"14px\" link_color__hover_enabled=\"on|desktop\" link_color__hover=\"#009BD1\"][\/lwp_divi_breadcrumbs][\/et_pb_column][\/et_pb_row][et_pb_row module_class=\"sm\" _builder_version=\"4.8.1\" _module_preset=\"default\" max_width=\"992px\"][et_pb_column type=\"4_4\" _builder_version=\"4.8.1\" _module_preset=\"default\"][et_pb_text admin_label=\"Title\" _builder_version=\"4.8.1\" _dynamic_attributes=\"content\" _module_preset=\"default\" custom_margin=\"||65px||false|false\" custom_margin_tablet=\"||30px||false|false\" custom_margin_phone=\"\" custom_margin_last_edited=\"on|tablet\"]@ET-DC@eyJkeW5hbWljIjp0cnVlLCJjb250ZW50IjoicG9zdF90aXRsZSIsInNldHRpbmdzIjp7ImJlZm9yZSI6IjxoMT4iLCJhZnRlciI6IjwvaDE+In19@[\/et_pb_text][et_pb_image src=\"https:\/\/www.skb.tu-berlin.de\/wp-content\/uploads\/2021\/01\/skb_blog_01.jpg\" title_text=\"skb_blog_01\" _builder_version=\"4.8.1\" _module_preset=\"default\" custom_margin=\"||65px||false|false\" custom_margin_tablet=\"||30px||false|false\" custom_margin_phone=\"\" custom_margin_last_edited=\"on|tablet\"][\/et_pb_image][et_pb_text _builder_version=\"4.8.1\" _module_preset=\"default\" text_text_color=\"#797979\" text_font_size=\"22px\" text_font_size_tablet=\"18px\" text_font_size_phone=\"\" text_font_size_last_edited=\"on|tablet\"]<\/p><p>Hast du Lust, eine neue Sprache zu lernen? In unseren Kursen kannst du \u00fcber 25 verschiedene Sprachen lernen \u2013 von Arabisch bis Vietnamesisch.<\/p><p>[\/et_pb_text][et_pb_button button_url=\"#\" button_text=\"Zum aktuellen Kursangebot\" _builder_version=\"4.8.1\" _module_preset=\"default\"][\/et_pb_button][et_pb_text module_class=\"content-list\" _builder_version=\"4.8.1\" _module_preset=\"default\" header_3_font_size=\"24px\" custom_margin=\"50px||||false|false\" custom_margin_tablet=\"0px||||false|false\" custom_margin_phone=\"\" custom_margin_last_edited=\"on|desktop\" header_3_font_size_tablet=\"22px\" header_3_font_size_phone=\"20px\" header_3_font_size_last_edited=\"on|desktop\"]<\/p><p>Im Moment finden aufgrund der Ansteckungsgefahr mit COVID-19 alle Kurse online statt. Wenn es die allgemeine Situation wieder zul\u00e4sst, werden wir auch wieder Pr\u00e4senzkurse in den R\u00e4umen der TU Berlin abhalten.<\/p><ul><li><a href=\"#\">Mehr Informationen zu Online-Kursen gibt es hier<\/a><\/li><\/ul><p>[\/et_pb_text][et_pb_text module_class=\"content-list\" _builder_version=\"4.9.2\" _module_preset=\"default\" header_3_font_size=\"24px\" custom_margin=\"50px||||false|false\" custom_margin_tablet=\"0px||||false|false\" custom_margin_phone=\"\" custom_margin_last_edited=\"on|desktop\" hover_enabled=\"0\" header_3_font_size_tablet=\"22px\" header_3_font_size_phone=\"20px\" header_3_font_size_last_edited=\"on|desktop\" sticky_enabled=\"0\"]<\/p><p>Bist du Student*in, TU-Alumn@ oder Mitarbeiter*in einer der Berliner Unis und Hochschulen? Dann kannst du unsere Kurse besuchen. W\u00e4hrend der Vorlesungszeit finden die meisten Kurse ein- bis zweimal pro Woche abends statt, in den Semesterferien gibt es k\u00fcrzere Intensiv- oder Semi-Intensivkurse.<\/p><p>[\/et_pb_text][et_pb_text module_class=\"content-list\" _builder_version=\"4.8.1\" _module_preset=\"default\" header_3_font_size=\"24px\" custom_margin=\"50px||||false|false\" custom_margin_tablet=\"0px||||false|false\" custom_margin_phone=\"\" custom_margin_last_edited=\"on|desktop\" header_3_font_size_tablet=\"22px\" header_3_font_size_phone=\"20px\" header_3_font_size_last_edited=\"on|desktop\"]<\/p><p>Alle Sprachkurse werden von Muttersprachler*innen angeleitet. In kleinen Gruppen von normalerweise vier bis zw\u00f6lf Teilnehmer*innen lernst du nicht nur eine neue Sprache, sondern erf\u00e4hrst auch Spannendes \u00fcber Menschen, L\u00e4nder und Kulturen.<\/p><p>Wir finden: Lernen soll Spa\u00df machen! Deshalb bem\u00fchen wir uns um eine angenehme, lockere Atmosph\u00e4re in unseren Kursen. Lernen findet bei uns auf Augenh\u00f6he statt. Als Teilnehmer*in in unseren Kursen kannst und sollst du dich aktiv einbringen, deine W\u00fcnsche und Interessen \u00e4u\u00dfern und uns gern Feedback geben.<\/p><p>Unsere Kursniveaus orientieren sich an den Niveaus des Gemeinsamen europ\u00e4ischen Referenzrahmen (GER). Neben den Kursen f\u00fcr Anf\u00e4nger*innen und Fortgeschrittene findest du bei uns auch Angebote f\u00fcr Konversationskurse, Kurse f\u00fcr Wissenschaftssprache, Kochkurse, Filmkurse etc.<\/p><p>Nach erfolgreichem Abschlusses des Kurses erh\u00e4ltst du ein Teilnahmezertifikat. Wir k\u00f6nnen f\u00fcr die Kursteilnahme leider keine Credit-Points vergeben. Wenn du die Teilnahme als Studienleistung anerkennen m\u00f6chtest, erkundige dich bitte unbedingt vorab bei deiner Universit\u00e4t, ob der Kursteilnahme anerkannt wird.<\/p><p>[\/et_pb_text][\/et_pb_column][\/et_pb_row][\/et_pb_section]<\/p>","_et_gb_content_width":"","inline_featured_image":false,"footnotes":""},"class_list":["post-25656","page","type-page","status-publish","hentry"],"yoast_head":"<!-- This site is optimized with the Yoast SEO plugin v26.1.1 - https:\/\/yoast.com\/wordpress\/plugins\/seo\/ -->\n<title>SKB | Unsere Lehrkr\u00e4fte<\/title>\n<meta name=\"description\" content=\"Sprachkurse f\u00fcr Studierende aus aller Welt - Deutsch als Fremdsprache und andere Sprachen lernen an der TU Berlin - Online- und Pr\u00e4senzkurse\" \/>\n<meta name=\"robots\" content=\"index, follow, max-snippet:-1, max-image-preview:large, max-video-preview:-1\" \/>\n<link rel=\"canonical\" href=\"https:\/\/www.skb.tu-berlin.de\/en\/language-learning\/unsere-lehrkraefte\/\" \/>\n<meta property=\"og:locale\" content=\"en_US\" \/>\n<meta property=\"og:type\" content=\"article\" \/>\n<meta property=\"og:title\" content=\"SKB | Unsere Lehrkr\u00e4fte\" \/>\n<meta property=\"og:description\" content=\"Sprachkurse f\u00fcr Studierende aus aller Welt - Deutsch als Fremdsprache und andere Sprachen lernen an der TU Berlin - Online- und Pr\u00e4senzkurse\" \/>\n<meta property=\"og:url\" content=\"https:\/\/www.skb.tu-berlin.de\/en\/language-learning\/unsere-lehrkraefte\/\" \/>\n<meta property=\"og:site_name\" content=\"SKB\" \/>\n<meta property=\"article:modified_time\" content=\"2025-01-07T15:53:41+00:00\" \/>\n<meta name=\"twitter:card\" content=\"summary_large_image\" \/>\n<script type=\"application\/ld+json\" class=\"yoast-schema-graph\">{\"@context\":\"https:\/\/schema.org\",\"@graph\":[{\"@type\":\"WebPage\",\"@id\":\"https:\/\/www.skb.tu-berlin.de\/sprachenlernen\/unsere-lehrkraefte\/\",\"url\":\"https:\/\/www.skb.tu-berlin.de\/sprachenlernen\/unsere-lehrkraefte\/\",\"name\":\"SKB | Unsere Lehrkr\u00e4fte\",\"isPartOf\":{\"@id\":\"https:\/\/www.skb.tu-berlin.de\/#website\"},\"datePublished\":\"2024-07-29T09:46:31+00:00\",\"dateModified\":\"2025-01-07T15:53:41+00:00\",\"description\":\"Sprachkurse f\u00fcr Studierende aus aller Welt - Deutsch als Fremdsprache und andere Sprachen lernen an der TU Berlin - Online- und Pr\u00e4senzkurse\",\"breadcrumb\":{\"@id\":\"https:\/\/www.skb.tu-berlin.de\/sprachenlernen\/unsere-lehrkraefte\/#breadcrumb\"},\"inLanguage\":\"en-US\",\"potentialAction\":[{\"@type\":\"ReadAction\",\"target\":[\"https:\/\/www.skb.tu-berlin.de\/sprachenlernen\/unsere-lehrkraefte\/\"]}]},{\"@type\":\"BreadcrumbList\",\"@id\":\"https:\/\/www.skb.tu-berlin.de\/sprachenlernen\/unsere-lehrkraefte\/#breadcrumb\",\"itemListElement\":[{\"@type\":\"ListItem\",\"position\":1,\"name\":\"SKB\",\"item\":\"https:\/\/www.skb.tu-berlin.de\/\"},{\"@type\":\"ListItem\",\"position\":2,\"name\":\"Sprachenlernen\",\"item\":\"https:\/\/www.skb.tu-berlin.de\/sprachenlernen\/\"},{\"@type\":\"ListItem\",\"position\":3,\"name\":\"Unsere Lehrkr\u00e4fte\"}]},{\"@type\":\"WebSite\",\"@id\":\"https:\/\/www.skb.tu-berlin.de\/#website\",\"url\":\"https:\/\/www.skb.tu-berlin.de\/\",\"name\":\"SKB\",\"description\":\"Sprach- und Kulturb\u00f6rse TU Berlin\",\"potentialAction\":[{\"@type\":\"SearchAction\",\"target\":{\"@type\":\"EntryPoint\",\"urlTemplate\":\"https:\/\/www.skb.tu-berlin.de\/?s={search_term_string}\"},\"query-input\":{\"@type\":\"PropertyValueSpecification\",\"valueRequired\":true,\"valueName\":\"search_term_string\"}}],\"inLanguage\":\"en-US\"}]}<\/script>\n<!-- \/ Yoast SEO plugin. -->","yoast_head_json":{"title":"SKB | Our teachers","description":"Language courses for students from all over the world - Learn German as a foreign language and other languages at the TU Berlin - online and face-to-face courses","robots":{"index":"index","follow":"follow","max-snippet":"max-snippet:-1","max-image-preview":"max-image-preview:large","max-video-preview":"max-video-preview:-1"},"canonical":"https:\/\/www.skb.tu-berlin.de\/en\/language-learning\/unsere-lehrkraefte\/","og_locale":"en_US","og_type":"article","og_title":"SKB | Unsere Lehrkr\u00e4fte","og_description":"Sprachkurse f\u00fcr Studierende aus aller Welt - Deutsch als Fremdsprache und andere Sprachen lernen an der TU Berlin - Online- und Pr\u00e4senzkurse","og_url":"https:\/\/www.skb.tu-berlin.de\/en\/language-learning\/unsere-lehrkraefte\/","og_site_name":"SKB","article_modified_time":"2025-01-07T15:53:41+00:00","twitter_card":"summary_large_image","schema":{"@context":"https:\/\/schema.org","@graph":[{"@type":"WebPage","@id":"https:\/\/www.skb.tu-berlin.de\/sprachenlernen\/unsere-lehrkraefte\/","url":"https:\/\/www.skb.tu-berlin.de\/sprachenlernen\/unsere-lehrkraefte\/","name":"SKB | Our teachers","isPartOf":{"@id":"https:\/\/www.skb.tu-berlin.de\/#website"},"datePublished":"2024-07-29T09:46:31+00:00","dateModified":"2025-01-07T15:53:41+00:00","description":"Language courses for students from all over the world - Learn German as a foreign language and other languages at the TU Berlin - online and face-to-face courses","breadcrumb":{"@id":"https:\/\/www.skb.tu-berlin.de\/sprachenlernen\/unsere-lehrkraefte\/#breadcrumb"},"inLanguage":"en-US","potentialAction":[{"@type":"ReadAction","target":["https:\/\/www.skb.tu-berlin.de\/sprachenlernen\/unsere-lehrkraefte\/"]}]},{"@type":"BreadcrumbList","@id":"https:\/\/www.skb.tu-berlin.de\/sprachenlernen\/unsere-lehrkraefte\/#breadcrumb","itemListElement":[{"@type":"ListItem","position":1,"name":"SKB","item":"https:\/\/www.skb.tu-berlin.de\/"},{"@type":"ListItem","position":2,"name":"Sprachenlernen","item":"https:\/\/www.skb.tu-berlin.de\/sprachenlernen\/"},{"@type":"ListItem","position":3,"name":"Unsere Lehrkr\u00e4fte"}]},{"@type":"WebSite","@id":"https:\/\/www.skb.tu-berlin.de\/#website","url":"https:\/\/www.skb.tu-berlin.de\/","name":"SKB","description":"Language and Culture Exchange TU Berlin","potentialAction":[{"@type":"SearchAction","target":{"@type":"EntryPoint","urlTemplate":"https:\/\/www.skb.tu-berlin.de\/?s={search_term_string}"},"query-input":{"@type":"PropertyValueSpecification","valueRequired":true,"valueName":"search_term_string"}}],"inLanguage":"en-US"}]}},"_links":{"self":[{"href":"https:\/\/www.skb.tu-berlin.de\/en\/wp-json\/wp\/v2\/pages\/25656","targetHints":{"allow":["GET"]}}],"collection":[{"href":"https:\/\/www.skb.tu-berlin.de\/en\/wp-json\/wp\/v2\/pages"}],"about":[{"href":"https:\/\/www.skb.tu-berlin.de\/en\/wp-json\/wp\/v2\/types\/page"}],"author":[{"embeddable":true,"href":"https:\/\/www.skb.tu-berlin.de\/en\/wp-json\/wp\/v2\/users\/18"}],"replies":[{"embeddable":true,"href":"https:\/\/www.skb.tu-berlin.de\/en\/wp-json\/wp\/v2\/comments?post=25656"}],"version-history":[{"count":5,"href":"https:\/\/www.skb.tu-berlin.de\/en\/wp-json\/wp\/v2\/pages\/25656\/revisions"}],"predecessor-version":[{"id":30317,"href":"https:\/\/www.skb.tu-berlin.de\/en\/wp-json\/wp\/v2\/pages\/25656\/revisions\/30317"}],"up":[{"embeddable":true,"href":"https:\/\/www.skb.tu-berlin.de\/en\/wp-json\/wp\/v2\/pages\/308"}],"wp:attachment":[{"href":"https:\/\/www.skb.tu-berlin.de\/en\/wp-json\/wp\/v2\/media?parent=25656"}],"curies":[{"name":"wp","href":"https:\/\/api.w.org\/{rel}","templated":true}]}}